{"id":1010,"date":"2025-01-23T07:20:46","date_gmt":"2025-01-23T10:20:46","guid":{"rendered":"https:\/\/ppe.coppe.ufrj.br\/?post_type=equipe&#038;p=1010"},"modified":"2025-10-20T10:37:46","modified_gmt":"2025-10-20T13:37:46","slug":"joana-portugal-pereira","status":"publish","type":"equipe","link":"https:\/\/ppe.coppe.ufrj.br\/en\/equipe\/joana-portugal-pereira\/","title":{"rendered":"Joana Portugal Pereira"},"content":{"rendered":"\n<ul class=\"wp-block-list\">\n<li>\u00c9 Professora Adjunta do Programa de Planejamento Energ\u00e9tico (PPE) do Instituto Alberto Luiz Coimbra de P\u00f3s-Gradua\u00e7\u00e3o e Pesquisa de Engenharia (COPPE\/UFRJ).<\/li>\n\n\n\n<li>Atua como Autora Contribuinte em tr\u00eas Relat\u00f3rios do Sexto Ciclo de Avalia\u00e7\u00e3o (AR6) do Painel Intergovernamental sobre Mudan\u00e7as Clim\u00e1ticas (IPCC) do Grupo de Trabalho III (WG III) sobre mitiga\u00e7\u00e3o de GEE.<\/li>\n\n\n\n<li>Foi Pesquisadora Visitante (Visiting Fellow) no Departamento de Pol\u00edtica Ambiental do Imperial College London.<\/li>\n\n\n\n<li>Foi Cient\u00edstista da Unidade T\u00e9cnica do WG III do IPCC, debru\u00e7ando-se sobre a coordena\u00e7\u00e3o dos relat\u00f3rios especiais sobre trajet\u00f3rias de aquecimento global de 1.5C e intera\u00e7\u00f5es entre clima e uso do solo (2017-2019).<\/li>\n\n\n\n<li>Realizou p\u00f3s-doutorado na COPPE\/UFRJ com atua\u00e7\u00e3o na \u00e1rea de inova\u00e7\u00e3o tecnol\u00f3gica de baixo carbono, com \u00eanfase em bioenergia (2013-2016).<\/li>\n\n\n\n<li>Trabalhou como pesquisadora no Instituto de Estudos Avan\u00e7ados da Organiza\u00e7\u00e3o das Na\u00e7\u00f5es Unidas (IAS\/UNU) (2012-2013), Banco de Desenvolvimento Asi\u00e1tico (ADBi) (2010-12) e na Universidade de T\u00f3quio (2008-2011) na \u00e1rea de avalia\u00e7\u00e3o de pol\u00edticas de baixo carbono, estrat\u00e9gias de adapta\u00e7\u00e3o e mitiga\u00e7\u00e3o de mudan\u00e7as clim\u00e1ticas e avalia\u00e7\u00e3o de ciclo de vida, especificamente sob os sectores de energia e transportes.<\/li>\n\n\n\n<li>Possui doutorado (Ph.D.) em Engenharia Ambiental pela Universidade de T\u00f3quio (2011) e \u00e9 graduada em Engenharia Ambiental pelo Instituto Superior T\u00e9cnico da Universidade de Lisboa (IST\/UL) (2006).<\/li>\n\n\n\n<li>Tem mais de 10 anos de atua\u00e7\u00e3o em pesquisa e extens\u00e3o sobre avalia\u00e7\u00e3o ambiental e planejamento energ\u00e9tico, com participa\u00e7\u00e3o em projetos internacionais apoiados por institui\u00e7\u00f5es estrangeiras e nacionais (WB, UNEP, UNDP, ADB, JP-MOE, UKERC, UK-BEIS, FINEP, MCTI, MMA).<\/li>\n\n\n\n<li>Integra as comiss\u00f5es cient\u00edficas internacionais da Science Based Targets (SBT) initiative e do Atlantic International Research Centre (AIR).<\/li>\n\n\n\n<li>\u00c9 revisora em 14 peri\u00f3dicos internacionais nas \u00e1reas de meio ambiente e energia.<\/li>\n\n\n\n<li>Sua atua\u00e7\u00e3o cient\u00edfica \u00e9 reconhecida pela publica\u00e7\u00e3o de artigos internacionais em peri\u00f3dicos cient\u00edficos da especialidade.<\/li>\n\n\n\n<li>Recentemente tem vindo a debru\u00e7ar-se sobre a avalia\u00e7\u00e3o de op\u00e7\u00f5es tecnol\u00f3gicas de baixo carbono nos setor de energia e transportes e potenciais sinergias e\/ou constrangimentos com outras dimens\u00f5es dos 17 Objetivos de Desenvolvimento Sustent\u00e1vel (SDGs) da ONU.<br><\/li>\n<\/ul>\n","protected":false},"featured_media":2035,"template":"","cargo":[44],"ocupacao":[132],"class_list":["post-1010","equipe","type-equipe","status-publish","has-post-thumbnail","hentry","cargo-professor-adjunto","ocupacao-em-licenca"],"acf":[],"mb":[],"spectra_custom_meta":{"_edit_lock":["1760967468:1"],"_thumbnail_id":["2035"],"_edit_last":["1"],"email":["joana.portugal@ppe.ufrj.br"],"_email":["field_6791a7d29f9b0"],"lattes":["https:\/\/lattes.cnpq.br\/4312960482230664"],"_lattes":["field_6791a8049f9b1"],"site":[""],"_site":["field_6792167b6c136"],"_wpml_word_count":["405"],"_wpml_location_migration_done":["1"],"linkedin":["https:\/\/www.linkedin.com\/in\/joana-portugal-pereira-5060519\/"],"_linkedin":["field_67a25aab3fd94"],"orcid":[""],"_orcid":["field_67a0ee16b4f3f"],"researchgate":[""],"_researchgate":["field_67a0ee29b4f40"],"scopus":["https:\/\/www.scopus.com\/authid\/detail.uri?authorId=55799286600"],"_scopus":["field_67a0ee41b4f41"],"google-scholar":["https:\/\/scholar.google.com.br\/citations?hl=pt-BR&user=qIXSiW4AAAAJ"],"_google-scholar":["field_67a0ee5bb4f42"],"academia":[""],"_academia":["field_67a25a9b3fd93"],"_wpml_media_duplicate":["0"],"_wpml_media_featured":["0"],"clarivate":[""],"_clarivate":["field_67a6438a94dd3"],"rank_math_analytic_object_id":["59"],"rank_math_internal_links_processed":["1"],"rank_math_seo_score":["61"],"rank_math_focus_keyword":["Joana Portugal Pereira"],"_uag_page_assets":["a:9:{s:3:\"css\";s:263:\".uag-blocks-common-selector{z-index:var(--z-index-desktop) !important}@media (max-width: 976px){.uag-blocks-common-selector{z-index:var(--z-index-tablet) !important}}@media (max-width: 767px){.uag-blocks-common-selector{z-index:var(--z-index-mobile) !important}}\n\";s:2:\"js\";s:0:\"\";s:18:\"current_block_list\";a:26:{i:0;s:10:\"core\/group\";i:2;s:12:\"core\/columns\";i:3;s:11:\"core\/column\";i:4;s:10:\"core\/image\";i:7;s:15:\"core\/navigation\";i:8;s:14:\"core\/shortcode\";i:13;s:24:\"core\/post-featured-image\";i:15;s:15:\"core\/post-title\";i:17;s:14:\"core\/post-date\";i:18;s:15:\"core\/post-terms\";i:19;s:14:\"core\/separator\";i:20;s:17:\"core\/post-content\";i:23;s:25:\"core\/post-navigation-link\";i:25;s:12:\"core\/heading\";i:26;s:10:\"core\/query\";i:27;s:18:\"core\/post-template\";i:28;s:14:\"core\/paragraph\";i:29;s:17:\"core\/social-links\";i:30;s:16:\"core\/social-link\";i:31;s:9:\"core\/list\";i:32;s:14:\"core\/list-item\";i:33;s:11:\"core\/search\";i:34;s:17:\"core\/latest-posts\";i:35;s:20:\"core\/latest-comments\";i:36;s:13:\"core\/archives\";i:37;s:15:\"core\/categories\";}s:8:\"uag_flag\";b:0;s:11:\"uag_version\";s:10:\"1777139045\";s:6:\"gfonts\";a:0:{}s:10:\"gfonts_url\";s:0:\"\";s:12:\"gfonts_files\";a:0:{}s:14:\"uag_faq_layout\";b:0;}"],"_uag_css_file_name":["uag-css-1010.css"]},"uagb_featured_image_src":{"full":["https:\/\/ppe.coppe.ufrj.br\/wp-content\/uploads\/2025\/02\/docente-joana-portugal-pereira.jpeg",408,408,false],"thumbnail":["https:\/\/ppe.coppe.ufrj.br\/wp-content\/uploads\/2025\/02\/docente-joana-portugal-pereira-300x300.jpeg",300,300,true],"medium":["https:\/\/ppe.coppe.ufrj.br\/wp-content\/uploads\/2025\/02\/docente-joana-portugal-pereira.jpeg",408,408,false],"medium_large":["https:\/\/ppe.coppe.ufrj.br\/wp-content\/uploads\/2025\/02\/docente-joana-portugal-pereira.jpeg",408,408,false],"large":["https:\/\/ppe.coppe.ufrj.br\/wp-content\/uploads\/2025\/02\/docente-joana-portugal-pereira.jpeg",408,408,false],"1536x1536":["https:\/\/ppe.coppe.ufrj.br\/wp-content\/uploads\/2025\/02\/docente-joana-portugal-pereira.jpeg",408,408,false],"2048x2048":["https:\/\/ppe.coppe.ufrj.br\/wp-content\/uploads\/2025\/02\/docente-joana-portugal-pereira.jpeg",408,408,false]},"uagb_author_info":{"display_name":"PPE - COPPE - UFRJ","author_link":"https:\/\/ppe.coppe.ufrj.br\/en\/author\/"},"uagb_comment_info":0,"uagb_excerpt":null,"mfb_rest_fields":["title","spectra_custom_meta","uagb_featured_image_src","uagb_author_info","uagb_comment_info","uagb_excerpt"],"_links":{"self":[{"href":"https:\/\/ppe.coppe.ufrj.br\/en\/wp-json\/wp\/v2\/equipe\/1010","targetHints":{"allow":["GET"]}}],"collection":[{"href":"https:\/\/ppe.coppe.ufrj.br\/en\/wp-json\/wp\/v2\/equipe"}],"about":[{"href":"https:\/\/ppe.coppe.ufrj.br\/en\/wp-json\/wp\/v2\/types\/equipe"}],"wp:featuredmedia":[{"embeddable":true,"href":"https:\/\/ppe.coppe.ufrj.br\/en\/wp-json\/wp\/v2\/media\/2035"}],"wp:attachment":[{"href":"https:\/\/ppe.coppe.ufrj.br\/en\/wp-json\/wp\/v2\/media?parent=1010"}],"wp:term":[{"taxonomy":"cargo","embeddable":true,"href":"https:\/\/ppe.coppe.ufrj.br\/en\/wp-json\/wp\/v2\/cargo?post=1010"},{"taxonomy":"ocupacao","embeddable":true,"href":"https:\/\/ppe.coppe.ufrj.br\/en\/wp-json\/wp\/v2\/ocupacao?post=1010"}],"curies":[{"name":"wp","href":"https:\/\/api.w.org\/{rel}","templated":true}]}}